{"id":6307,"date":"2021-09-26T16:28:09","date_gmt":"2021-09-26T19:28:09","guid":{"rendered":"https:\/\/www.assef.org.br\/portalassef\/?page_id=6307"},"modified":"2021-12-27T15:18:55","modified_gmt":"2021-12-27T18:18:55","slug":"inscricoes-encerradas-pela-internet-2021-2022","status":"publish","type":"page","link":"https:\/\/www.assef.org.br\/portalassef\/inscricoes-encerradas-pela-internet-2021-2022\/","title":{"rendered":"Inscri\u00e7\u00f5es Encerradas pela Internet 2021-2022"},"content":{"rendered":"\n<h2 class=\"has-text-align-center has-white-color has-vivid-red-background-color has-text-color has-background wp-block-heading\"> &#x26f1; Inscri\u00e7\u00f5es de Pr\u00e9-reserva pela Internet <strong>Encerradas<\/strong><\/h2>\n\n\n\n<h3 class=\"has-text-align-center wp-block-heading\">TEMPORADA 2021-2022<\/h3>\n\n\n\n<h4 class=\"has-text-align-center wp-block-heading\">Ligue <strong> <strong>41\u20133076-2803 ou  0800 008 2803 <\/strong> <\/strong> durante a semana das 8:00 as 17:00<\/h4>\n\n\n\n<h5 class=\"has-text-align-center wp-block-heading\"><strong>Op\u00e7\u00e3o de Inscri\u00e7\u00e3o pela internet encerrada, entre em contato com a sede em Curitiba<\/strong><\/h5>\n\n\n\n<figure class=\"wp-block-gallery columns-3 is-cropped wp-block-gallery-1 is-layout-flex wp-block-gallery-is-layout-flex\"><ul class=\"blocks-gallery-grid\"><li class=\"blocks-gallery-item\"><figure><a href=\"https:\/\/www.assef.org.br\/portalassef\/wp-content\/uploads\/2021\/10\/IMG_20191221_080048-scaled.jpg\"><img loading=\"lazy\" decoding=\"async\" width=\"1024\" height=\"768\" src=\"https:\/\/www.assef.org.br\/portalassef\/wp-content\/uploads\/2021\/10\/IMG_20191221_080048-1024x768.jpg\" alt=\"\" data-id=\"6384\" data-full-url=\"https:\/\/www.assef.org.br\/portalassef\/wp-content\/uploads\/2021\/10\/IMG_20191221_080048-scaled.jpg\" data-link=\"https:\/\/www.assef.org.br\/portalassef\/servicos\/colonia-de-ferias-assef-em-matinhos\/img_20191221_080048\/\" class=\"wp-image-6384\" srcset=\"https:\/\/www.assef.org.br\/portalassef\/wp-content\/uploads\/2021\/10\/IMG_20191221_080048-1024x768.jpg 1024w, https:\/\/www.assef.org.br\/portalassef\/wp-content\/uploads\/2021\/10\/IMG_20191221_080048-300x225.jpg 300w, https:\/\/www.assef.org.br\/portalassef\/wp-content\/uploads\/2021\/10\/IMG_20191221_080048-768x576.jpg 768w, https:\/\/www.assef.org.br\/portalassef\/wp-content\/uploads\/2021\/10\/IMG_20191221_080048-1536x1152.jpg 1536w, https:\/\/www.assef.org.br\/portalassef\/wp-content\/uploads\/2021\/10\/IMG_20191221_080048-2048x1536.jpg 2048w, https:\/\/www.assef.org.br\/portalassef\/wp-content\/uploads\/2021\/10\/IMG_20191221_080048-750x563.jpg 750w\" sizes=\"(max-width: 1024px) 100vw, 1024px\" \/><\/a><\/figure><\/li><li class=\"blocks-gallery-item\"><figure><a href=\"https:\/\/www.assef.org.br\/portalassef\/wp-content\/uploads\/2021\/10\/IMG_20191222_100636-scaled.jpg\"><img loading=\"lazy\" decoding=\"async\" width=\"1024\" height=\"768\" src=\"https:\/\/www.assef.org.br\/portalassef\/wp-content\/uploads\/2021\/10\/IMG_20191222_100636-1024x768.jpg\" alt=\"\" data-id=\"6381\" data-full-url=\"https:\/\/www.assef.org.br\/portalassef\/wp-content\/uploads\/2021\/10\/IMG_20191222_100636-scaled.jpg\" data-link=\"https:\/\/www.assef.org.br\/portalassef\/servicos\/colonia-de-ferias-assef-em-matinhos\/img_20191222_100636\/\" class=\"wp-image-6381\" srcset=\"https:\/\/www.assef.org.br\/portalassef\/wp-content\/uploads\/2021\/10\/IMG_20191222_100636-1024x768.jpg 1024w, https:\/\/www.assef.org.br\/portalassef\/wp-content\/uploads\/2021\/10\/IMG_20191222_100636-300x225.jpg 300w, https:\/\/www.assef.org.br\/portalassef\/wp-content\/uploads\/2021\/10\/IMG_20191222_100636-768x576.jpg 768w, https:\/\/www.assef.org.br\/portalassef\/wp-content\/uploads\/2021\/10\/IMG_20191222_100636-1536x1152.jpg 1536w, https:\/\/www.assef.org.br\/portalassef\/wp-content\/uploads\/2021\/10\/IMG_20191222_100636-2048x1536.jpg 2048w, https:\/\/www.assef.org.br\/portalassef\/wp-content\/uploads\/2021\/10\/IMG_20191222_100636-750x563.jpg 750w\" sizes=\"(max-width: 1024px) 100vw, 1024px\" \/><\/a><\/figure><\/li><li class=\"blocks-gallery-item\"><figure><a href=\"https:\/\/www.assef.org.br\/portalassef\/wp-content\/uploads\/2021\/10\/IMG_20191221_080003-scaled.jpg\"><img loading=\"lazy\" decoding=\"async\" width=\"1024\" height=\"768\" src=\"https:\/\/www.assef.org.br\/portalassef\/wp-content\/uploads\/2021\/10\/IMG_20191221_080003-1024x768.jpg\" alt=\"\" data-id=\"6380\" data-full-url=\"https:\/\/www.assef.org.br\/portalassef\/wp-content\/uploads\/2021\/10\/IMG_20191221_080003-scaled.jpg\" data-link=\"https:\/\/www.assef.org.br\/portalassef\/servicos\/colonia-de-ferias-assef-em-matinhos\/img_20191221_080003\/\" class=\"wp-image-6380\" srcset=\"https:\/\/www.assef.org.br\/portalassef\/wp-content\/uploads\/2021\/10\/IMG_20191221_080003-1024x768.jpg 1024w, https:\/\/www.assef.org.br\/portalassef\/wp-content\/uploads\/2021\/10\/IMG_20191221_080003-300x225.jpg 300w, https:\/\/www.assef.org.br\/portalassef\/wp-content\/uploads\/2021\/10\/IMG_20191221_080003-768x576.jpg 768w, https:\/\/www.assef.org.br\/portalassef\/wp-content\/uploads\/2021\/10\/IMG_20191221_080003-1536x1152.jpg 1536w, https:\/\/www.assef.org.br\/portalassef\/wp-content\/uploads\/2021\/10\/IMG_20191221_080003-2048x1536.jpg 2048w, https:\/\/www.assef.org.br\/portalassef\/wp-content\/uploads\/2021\/10\/IMG_20191221_080003-750x563.jpg 750w\" sizes=\"(max-width: 1024px) 100vw, 1024px\" \/><\/a><\/figure><\/li><li class=\"blocks-gallery-item\"><figure><a href=\"https:\/\/www.assef.org.br\/portalassef\/wp-content\/uploads\/2021\/10\/IMG_20191229_190214-scaled.jpg\"><img loading=\"lazy\" decoding=\"async\" width=\"1024\" height=\"768\" src=\"https:\/\/www.assef.org.br\/portalassef\/wp-content\/uploads\/2021\/10\/IMG_20191229_190214-1024x768.jpg\" alt=\"\" data-id=\"6379\" data-full-url=\"https:\/\/www.assef.org.br\/portalassef\/wp-content\/uploads\/2021\/10\/IMG_20191229_190214-scaled.jpg\" data-link=\"https:\/\/www.assef.org.br\/portalassef\/servicos\/colonia-de-ferias-assef-em-matinhos\/img_20191229_190214\/\" class=\"wp-image-6379\" srcset=\"https:\/\/www.assef.org.br\/portalassef\/wp-content\/uploads\/2021\/10\/IMG_20191229_190214-1024x768.jpg 1024w, https:\/\/www.assef.org.br\/portalassef\/wp-content\/uploads\/2021\/10\/IMG_20191229_190214-300x225.jpg 300w, https:\/\/www.assef.org.br\/portalassef\/wp-content\/uploads\/2021\/10\/IMG_20191229_190214-768x576.jpg 768w, https:\/\/www.assef.org.br\/portalassef\/wp-content\/uploads\/2021\/10\/IMG_20191229_190214-1536x1152.jpg 1536w, https:\/\/www.assef.org.br\/portalassef\/wp-content\/uploads\/2021\/10\/IMG_20191229_190214-2048x1536.jpg 2048w, https:\/\/www.assef.org.br\/portalassef\/wp-content\/uploads\/2021\/10\/IMG_20191229_190214-750x563.jpg 750w\" sizes=\"(max-width: 1024px) 100vw, 1024px\" \/><\/a><\/figure><\/li><li class=\"blocks-gallery-item\"><figure><a href=\"https:\/\/www.assef.org.br\/portalassef\/wp-content\/uploads\/2021\/10\/IMG_20191229_190125-scaled.jpg\"><img loading=\"lazy\" decoding=\"async\" width=\"1024\" height=\"768\" src=\"https:\/\/www.assef.org.br\/portalassef\/wp-content\/uploads\/2021\/10\/IMG_20191229_190125-1024x768.jpg\" alt=\"\" data-id=\"6378\" data-full-url=\"https:\/\/www.assef.org.br\/portalassef\/wp-content\/uploads\/2021\/10\/IMG_20191229_190125-scaled.jpg\" data-link=\"https:\/\/www.assef.org.br\/portalassef\/servicos\/colonia-de-ferias-assef-em-matinhos\/img_20191229_190125\/\" class=\"wp-image-6378\" srcset=\"https:\/\/www.assef.org.br\/portalassef\/wp-content\/uploads\/2021\/10\/IMG_20191229_190125-1024x768.jpg 1024w, https:\/\/www.assef.org.br\/portalassef\/wp-content\/uploads\/2021\/10\/IMG_20191229_190125-300x225.jpg 300w, https:\/\/www.assef.org.br\/portalassef\/wp-content\/uploads\/2021\/10\/IMG_20191229_190125-768x576.jpg 768w, https:\/\/www.assef.org.br\/portalassef\/wp-content\/uploads\/2021\/10\/IMG_20191229_190125-1536x1152.jpg 1536w, https:\/\/www.assef.org.br\/portalassef\/wp-content\/uploads\/2021\/10\/IMG_20191229_190125-2048x1536.jpg 2048w, https:\/\/www.assef.org.br\/portalassef\/wp-content\/uploads\/2021\/10\/IMG_20191229_190125-750x563.jpg 750w\" sizes=\"(max-width: 1024px) 100vw, 1024px\" \/><\/a><\/figure><\/li><li class=\"blocks-gallery-item\"><figure><a href=\"https:\/\/www.assef.org.br\/portalassef\/wp-content\/uploads\/2021\/10\/IMG_20191229_185838-scaled.jpg\"><img loading=\"lazy\" decoding=\"async\" width=\"1024\" height=\"768\" src=\"https:\/\/www.assef.org.br\/portalassef\/wp-content\/uploads\/2021\/10\/IMG_20191229_185838-1024x768.jpg\" alt=\"\" data-id=\"6377\" data-full-url=\"https:\/\/www.assef.org.br\/portalassef\/wp-content\/uploads\/2021\/10\/IMG_20191229_185838-scaled.jpg\" data-link=\"https:\/\/www.assef.org.br\/portalassef\/servicos\/colonia-de-ferias-assef-em-matinhos\/img_20191229_185838\/\" class=\"wp-image-6377\" srcset=\"https:\/\/www.assef.org.br\/portalassef\/wp-content\/uploads\/2021\/10\/IMG_20191229_185838-1024x768.jpg 1024w, https:\/\/www.assef.org.br\/portalassef\/wp-content\/uploads\/2021\/10\/IMG_20191229_185838-300x225.jpg 300w, https:\/\/www.assef.org.br\/portalassef\/wp-content\/uploads\/2021\/10\/IMG_20191229_185838-768x576.jpg 768w, https:\/\/www.assef.org.br\/portalassef\/wp-content\/uploads\/2021\/10\/IMG_20191229_185838-1536x1152.jpg 1536w, https:\/\/www.assef.org.br\/portalassef\/wp-content\/uploads\/2021\/10\/IMG_20191229_185838-2048x1536.jpg 2048w, https:\/\/www.assef.org.br\/portalassef\/wp-content\/uploads\/2021\/10\/IMG_20191229_185838-750x563.jpg 750w\" sizes=\"(max-width: 1024px) 100vw, 1024px\" \/><\/a><\/figure><\/li><li class=\"blocks-gallery-item\"><figure><a href=\"https:\/\/www.assef.org.br\/portalassef\/wp-content\/uploads\/2021\/09\/IMG_20191229_190950-scaled.jpg\"><img loading=\"lazy\" decoding=\"async\" width=\"1024\" height=\"768\" src=\"https:\/\/www.assef.org.br\/portalassef\/wp-content\/uploads\/2021\/09\/IMG_20191229_190950-1024x768.jpg\" alt=\"vista da colonia\" data-id=\"6312\" data-full-url=\"https:\/\/www.assef.org.br\/portalassef\/wp-content\/uploads\/2021\/09\/IMG_20191229_190950-scaled.jpg\" data-link=\"https:\/\/www.assef.org.br\/portalassef\/?attachment_id=6312\" class=\"wp-image-6312\" srcset=\"https:\/\/www.assef.org.br\/portalassef\/wp-content\/uploads\/2021\/09\/IMG_20191229_190950-1024x768.jpg 1024w, https:\/\/www.assef.org.br\/portalassef\/wp-content\/uploads\/2021\/09\/IMG_20191229_190950-300x225.jpg 300w, https:\/\/www.assef.org.br\/portalassef\/wp-content\/uploads\/2021\/09\/IMG_20191229_190950-768x576.jpg 768w, https:\/\/www.assef.org.br\/portalassef\/wp-content\/uploads\/2021\/09\/IMG_20191229_190950-1536x1152.jpg 1536w, https:\/\/www.assef.org.br\/portalassef\/wp-content\/uploads\/2021\/09\/IMG_20191229_190950-2048x1536.jpg 2048w, https:\/\/www.assef.org.br\/portalassef\/wp-content\/uploads\/2021\/09\/IMG_20191229_190950-750x563.jpg 750w\" sizes=\"(max-width: 1024px) 100vw, 1024px\" \/><\/a><\/figure><\/li><li class=\"blocks-gallery-item\"><figure><a href=\"https:\/\/www.assef.org.br\/portalassef\/wp-content\/uploads\/2021\/10\/IMG_20191229_185824-scaled.jpg\"><img loading=\"lazy\" decoding=\"async\" width=\"1024\" height=\"768\" src=\"https:\/\/www.assef.org.br\/portalassef\/wp-content\/uploads\/2021\/10\/IMG_20191229_185824-1024x768.jpg\" alt=\"\" data-id=\"6357\" data-full-url=\"https:\/\/www.assef.org.br\/portalassef\/wp-content\/uploads\/2021\/10\/IMG_20191229_185824-scaled.jpg\" data-link=\"https:\/\/www.assef.org.br\/portalassef\/notas-importantes-sobre-a-temporada-2021-2022\/img_20191229_185824\/\" class=\"wp-image-6357\" srcset=\"https:\/\/www.assef.org.br\/portalassef\/wp-content\/uploads\/2021\/10\/IMG_20191229_185824-1024x768.jpg 1024w, https:\/\/www.assef.org.br\/portalassef\/wp-content\/uploads\/2021\/10\/IMG_20191229_185824-300x225.jpg 300w, https:\/\/www.assef.org.br\/portalassef\/wp-content\/uploads\/2021\/10\/IMG_20191229_185824-768x576.jpg 768w, https:\/\/www.assef.org.br\/portalassef\/wp-content\/uploads\/2021\/10\/IMG_20191229_185824-1536x1152.jpg 1536w, https:\/\/www.assef.org.br\/portalassef\/wp-content\/uploads\/2021\/10\/IMG_20191229_185824-2048x1536.jpg 2048w, https:\/\/www.assef.org.br\/portalassef\/wp-content\/uploads\/2021\/10\/IMG_20191229_185824-750x563.jpg 750w\" sizes=\"(max-width: 1024px) 100vw, 1024px\" \/><\/a><\/figure><\/li><\/ul><\/figure>\n\n\n\n<figure class=\"wp-block-image size-large\"><a href=\"https:\/\/www.assef.org.br\/portalassef\/wp-content\/uploads\/2021\/12\/20211216-ColoniaAssefReformas-6.jpeg\"><img loading=\"lazy\" decoding=\"async\" width=\"1024\" height=\"461\" src=\"https:\/\/www.assef.org.br\/portalassef\/wp-content\/uploads\/2021\/12\/20211216-ColoniaAssefReformas-6-1024x461.jpeg\" alt=\"\" class=\"wp-image-6655\" srcset=\"https:\/\/www.assef.org.br\/portalassef\/wp-content\/uploads\/2021\/12\/20211216-ColoniaAssefReformas-6-1024x461.jpeg 1024w, https:\/\/www.assef.org.br\/portalassef\/wp-content\/uploads\/2021\/12\/20211216-ColoniaAssefReformas-6-300x135.jpeg 300w, https:\/\/www.assef.org.br\/portalassef\/wp-content\/uploads\/2021\/12\/20211216-ColoniaAssefReformas-6-768x346.jpeg 768w, https:\/\/www.assef.org.br\/portalassef\/wp-content\/uploads\/2021\/12\/20211216-ColoniaAssefReformas-6-1536x691.jpeg 1536w, https:\/\/www.assef.org.br\/portalassef\/wp-content\/uploads\/2021\/12\/20211216-ColoniaAssefReformas-6-847x381.jpeg 847w, https:\/\/www.assef.org.br\/portalassef\/wp-content\/uploads\/2021\/12\/20211216-ColoniaAssefReformas-6.jpeg 1600w\" sizes=\"(max-width: 1024px) 100vw, 1024px\" \/><\/a><\/figure>\n\n\n\n<figure class=\"wp-block-image size-large\"><a href=\"https:\/\/www.assef.org.br\/portalassef\/wp-content\/uploads\/2021\/12\/20211216-ColoniaAssefReformas-5.jpeg\"><img loading=\"lazy\" decoding=\"async\" width=\"1024\" height=\"461\" src=\"https:\/\/www.assef.org.br\/portalassef\/wp-content\/uploads\/2021\/12\/20211216-ColoniaAssefReformas-5-1024x461.jpeg\" alt=\"\" class=\"wp-image-6654\" srcset=\"https:\/\/www.assef.org.br\/portalassef\/wp-content\/uploads\/2021\/12\/20211216-ColoniaAssefReformas-5-1024x461.jpeg 1024w, https:\/\/www.assef.org.br\/portalassef\/wp-content\/uploads\/2021\/12\/20211216-ColoniaAssefReformas-5-300x135.jpeg 300w, https:\/\/www.assef.org.br\/portalassef\/wp-content\/uploads\/2021\/12\/20211216-ColoniaAssefReformas-5-768x346.jpeg 768w, https:\/\/www.assef.org.br\/portalassef\/wp-content\/uploads\/2021\/12\/20211216-ColoniaAssefReformas-5-1536x691.jpeg 1536w, https:\/\/www.assef.org.br\/portalassef\/wp-content\/uploads\/2021\/12\/20211216-ColoniaAssefReformas-5-847x381.jpeg 847w, https:\/\/www.assef.org.br\/portalassef\/wp-content\/uploads\/2021\/12\/20211216-ColoniaAssefReformas-5.jpeg 1600w\" sizes=\"(max-width: 1024px) 100vw, 1024px\" \/><\/a><\/figure>\n","protected":false},"excerpt":{"rendered":"<p>&#x26f1; Inscri\u00e7\u00f5es de Pr\u00e9-reserva pela Internet Encerradas TEMPORADA 2021-2022 Ligue 41\u20133076-2803 ou 0800 008 2803 durante a semana das 8:00 as 17:00 Op\u00e7\u00e3o de Inscri\u00e7\u00e3o pela internet encerrada, entre em contato com a sede em Curitiba<\/p>\n","protected":false},"author":2,"featured_media":0,"parent":0,"menu_order":0,"comment_status":"closed","ping_status":"closed","template":"","meta":{"_monsterinsights_skip_tracking":false,"_monsterinsights_sitenote_active":false,"_monsterinsights_sitenote_note":"","_monsterinsights_sitenote_category":0,"_uf_show_specific_survey":0,"_uf_disable_surveys":false,"ngg_post_thumbnail":0,"footnotes":""},"aioseo_notices":[],"_links":{"self":[{"href":"https:\/\/www.assef.org.br\/portalassef\/wp-json\/wp\/v2\/pages\/6307"}],"collection":[{"href":"https:\/\/www.assef.org.br\/portalassef\/wp-json\/wp\/v2\/pages"}],"about":[{"href":"https:\/\/www.assef.org.br\/portalassef\/wp-json\/wp\/v2\/types\/page"}],"author":[{"embeddable":true,"href":"https:\/\/www.assef.org.br\/portalassef\/wp-json\/wp\/v2\/users\/2"}],"replies":[{"embeddable":true,"href":"https:\/\/www.assef.org.br\/portalassef\/wp-json\/wp\/v2\/comments?post=6307"}],"version-history":[{"count":4,"href":"https:\/\/www.assef.org.br\/portalassef\/wp-json\/wp\/v2\/pages\/6307\/revisions"}],"predecessor-version":[{"id":6665,"href":"https:\/\/www.assef.org.br\/portalassef\/wp-json\/wp\/v2\/pages\/6307\/revisions\/6665"}],"wp:attachment":[{"href":"https:\/\/www.assef.org.br\/portalassef\/wp-json\/wp\/v2\/media?parent=6307"}],"curies":[{"name":"wp","href":"https:\/\/api.w.org\/{rel}","templated":true}]}}